{"version":"1.0","provider_name":"Albinfo","provider_url":"https:\/\/www.albinfo.ch\/de\/","author_name":"albinfo.ch","author_url":"https:\/\/www.albinfo.ch\/de\/author\/sevdailtahiri\/","title":"Irische Touristen w\u00e4hlen Albanien als die \u201cMalediven Europas\u201d - Albinfo","type":"rich","width":600,"height":338,"html":"<blockquote class=\"wp-embedded-content\" data-secret=\"KdxrwWnHrn\"><a href=\"https:\/\/www.albinfo.ch\/de\/irische-touristen-waehlen-albanien-als-die-malediven-europas\/\">Irische Touristen w\u00e4hlen Albanien als die \u201cMalediven Europas\u201d<\/a><\/blockquote><iframe sandbox=\"allow-scripts\" security=\"restricted\" src=\"https:\/\/www.albinfo.ch\/de\/irische-touristen-waehlen-albanien-als-die-malediven-europas\/embed\/#?secret=KdxrwWnHrn\" width=\"600\" height=\"338\" title=\"&#8220;Irische Touristen w\u00e4hlen Albanien als die \u201cMalediven Europas\u201d&#8221; &#8212; Albinfo\" data-secret=\"KdxrwWnHrn\" frameborder=\"0\" marginwidth=\"0\" marginheight=\"0\" scrolling=\"no\" class=\"wp-embedded-content\"><\/iframe><script type=\"text\/javascript\">\n\/* <![CDATA[ *\/\n\/*! This file is auto-generated *\/\n!function(d,l){\"use strict\";l.querySelector&&d.addEventListener&&\"undefined\"!=typeof URL&&(d.wp=d.wp||{},d.wp.receiveEmbedMessage||(d.wp.receiveEmbedMessage=function(e){var t=e.data;if((t||t.secret||t.message||t.value)&&!\/[^a-zA-Z0-9]\/.test(t.secret)){for(var s,r,n,a=l.querySelectorAll('iframe[data-secret=\"'+t.secret+'\"]'),o=l.querySelectorAll('blockquote[data-secret=\"'+t.secret+'\"]'),c=new RegExp(\"^https?:$\",\"i\"),i=0;i<o.length;i++)o[i].style.display=\"none\";for(i=0;i<a.length;i++)s=a[i],e.source===s.contentWindow&&(s.removeAttribute(\"style\"),\"height\"===t.message?(1e3<(r=parseInt(t.value,10))?r=1e3:~~r<200&&(r=200),s.height=r):\"link\"===t.message&&(r=new URL(s.getAttribute(\"src\")),n=new URL(t.value),c.test(n.protocol))&&n.host===r.host&&l.activeElement===s&&(d.top.location.href=t.value))}},d.addEventListener(\"message\",d.wp.receiveEmbedMessage,!1),l.addEventListener(\"DOMContentLoaded\",function(){for(var e,t,s=l.querySelectorAll(\"iframe.wp-embedded-content\"),r=0;r<s.length;r++)(t=(e=s[r]).getAttribute(\"data-secret\"))||(t=Math.random().toString(36).substring(2,12),e.src+=\"#?secret=\"+t,e.setAttribute(\"data-secret\",t)),e.contentWindow.postMessage({message:\"ready\",secret:t},\"*\")},!1)))}(window,document);\n\/* ]]> *\/\n<\/script>\n","thumbnail_url":"https:\/\/www.albinfo.ch\/wp-content\/uploads\/2017\/05\/ksamil-1024x576.png","thumbnail_width":1024,"thumbnail_height":576,"description":"Die Malediven bleiben eines der Traumziele f\u00fcr den Urlaub, doch f\u00fcr viele Reisende sind sie weit entfernt und teuer. Das bekannte irische Magazin RSVP schreibt, dass eine n\u00e4here und deutlich g\u00fcnstigere Alternative immer mehr an Beliebtheit gewinnt: Albanien. Mit seinen wei\u00dfen Sandstr\u00e4nden, kristallklaren Gew\u00e4ssern und atemberaubenden mediterranen Landschaften wird unser Land immer h\u00e4ufiger als die [&hellip;]"}