{"version":"1.0","provider_name":"Albinfo","provider_url":"https:\/\/www.albinfo.ch\/fr\/","author_name":"Vjosa Gervalla","author_url":"https:\/\/www.albinfo.ch\/fr\/author\/vjosagervalla\/","title":"Zana, un conte de f\u00e9es 2.0 - Albinfo","type":"rich","width":600,"height":338,"html":"<blockquote class=\"wp-embedded-content\" data-secret=\"nj7sx955sV\"><a href=\"https:\/\/www.albinfo.ch\/fr\/zana-un-conte-de-fees-2-0\/\">Zana, un conte de f\u00e9es 2.0<\/a><\/blockquote><iframe sandbox=\"allow-scripts\" security=\"restricted\" src=\"https:\/\/www.albinfo.ch\/fr\/zana-un-conte-de-fees-2-0\/embed\/#?secret=nj7sx955sV\" width=\"600\" height=\"338\" title=\"&#8220;Zana, un conte de f\u00e9es 2.0&#8221; &#8212; Albinfo\" data-secret=\"nj7sx955sV\" frameborder=\"0\" marginwidth=\"0\" marginheight=\"0\" scrolling=\"no\" class=\"wp-embedded-content\"><\/iframe><script type=\"text\/javascript\">\n\/* <![CDATA[ *\/\n\/*! This file is auto-generated *\/\n!function(d,l){\"use strict\";l.querySelector&&d.addEventListener&&\"undefined\"!=typeof URL&&(d.wp=d.wp||{},d.wp.receiveEmbedMessage||(d.wp.receiveEmbedMessage=function(e){var t=e.data;if((t||t.secret||t.message||t.value)&&!\/[^a-zA-Z0-9]\/.test(t.secret)){for(var s,r,n,a=l.querySelectorAll('iframe[data-secret=\"'+t.secret+'\"]'),o=l.querySelectorAll('blockquote[data-secret=\"'+t.secret+'\"]'),c=new RegExp(\"^https?:$\",\"i\"),i=0;i<o.length;i++)o[i].style.display=\"none\";for(i=0;i<a.length;i++)s=a[i],e.source===s.contentWindow&&(s.removeAttribute(\"style\"),\"height\"===t.message?(1e3<(r=parseInt(t.value,10))?r=1e3:~~r<200&&(r=200),s.height=r):\"link\"===t.message&&(r=new URL(s.getAttribute(\"src\")),n=new URL(t.value),c.test(n.protocol))&&n.host===r.host&&l.activeElement===s&&(d.top.location.href=t.value))}},d.addEventListener(\"message\",d.wp.receiveEmbedMessage,!1),l.addEventListener(\"DOMContentLoaded\",function(){for(var e,t,s=l.querySelectorAll(\"iframe.wp-embedded-content\"),r=0;r<s.length;r++)(t=(e=s[r]).getAttribute(\"data-secret\"))||(t=Math.random().toString(36).substring(2,12),e.src+=\"#?secret=\"+t,e.setAttribute(\"data-secret\",t)),e.contentWindow.postMessage({message:\"ready\",secret:t},\"*\")},!1)))}(window,document);\n\/* ]]> *\/\n<\/script>\n","thumbnail_url":"https:\/\/www.albinfo.ch\/wp-content\/uploads\/2022\/07\/zana12.jpg","thumbnail_width":897,"thumbnail_height":562,"description":"\u00ab\u00a0Je suis n\u00e9e at j\u2019ai grandi au Kosovo, je suis un produit du Kosovo.\u00a0\u00bb C\u2019est le passeport de Zana Tabaku, l\u2019une des femmes pionni\u00e8res dans le domaine de l\u2019informatique au Kosovo. Benjamine d\u2019une famille de sept enfants, elle perd son p\u00e8re \u00e0 un jeune \u00e2ge et grandit avec sa m\u00e8re, une femme forte avec un [&hellip;]"}