{"id":446626,"date":"2021-02-18T15:07:12","date_gmt":"2021-02-18T14:07:12","guid":{"rendered":"https:\/\/www.albinfo.ch\/?page_id=446626"},"modified":"2021-02-18T15:09:16","modified_gmt":"2021-02-18T14:09:16","slug":"le-kosovo-fete-les-13-ans-de-son-independance","status":"publish","type":"page","link":"https:\/\/www.albinfo.ch\/fr\/le-kosovo-fete-les-13-ans-de-son-independance\/","title":{"rendered":"Le Kosovo f\u00eate les 13 ans de son ind\u00e9pendance"},"content":{"rendered":"<p style=\"font-weight: 400;\">Apr\u00e8s la souffrance et les p\u00e9rip\u00e9ties, les albanais du Kosovo ont enfin vu la lumi\u00e8re. La d\u00e9claration d\u2019ind\u00e9pendance est lue \u00e0 haute voix dans l\u2019enceinte du parlement du Kosovo pour traverser les murs et atteindre les oreilles du monde entier.<\/p>\n<p style=\"font-weight: 400;\">Cette ann\u00e9e, la f\u00eate survient trois jours apr\u00e8s les \u00e9lections parlementaires anticip\u00e9es remport\u00e9es par le partie Autod\u00e9termination (Vet\u00ebvendosje) d\u2019Albin Kurti. Le monument Newborn, qui symbolise la naissance du nouveau pays pour ce 13<sup>\u00e8me<\/sup>\u00a0anniversaire, a chang\u00e9 de visage. Cette ann\u00e9e, il s\u2019habille des couleurs de l\u2019arm\u00e9e du Kosovo. Le slogan\u00a0: \u00ab\u00a0Nous avons amen\u00e9 la paix ensemble.\u00a0\u00bb<\/p>\n<p style=\"font-weight: 400;\">La journ\u00e9e d\u2019aujourd\u2019hui a commenc\u00e9 par une c\u00e9r\u00e9monie dans la cour du gouvernement, o\u00f9 le drapeau du Kosovo a \u00e9t\u00e9 hiss\u00e9 par la Garde C\u00e9r\u00e9moniale. La pr\u00e9sidente du Kosovo, Vjosa Osmani, et le premier Ministre en devoir, Avdullah Hoti, ont pris part \u00e0 la c\u00e9r\u00e9monie.<\/p>\n<p style=\"font-weight: 400;\">Entre temps, Osmani et Kurti ont pr\u00e9sent\u00e9 leurs hommages pr\u00e8s de la tombe d\u2019Ibrahim Rugova, l\u2019ancien pr\u00e9sident historique du Kosovo. Les autres c\u00e9r\u00e9monies se sont d\u00e9roul\u00e9es \u00e0 la statue d\u2019Adem Jashari, le commandant l\u00e9gendaire de l\u2019UCK \u00e0 Prekaz et Skenderaj avant de conclure par un concert r\u00e9cital.<\/p>\n<p style=\"font-weight: 400;\"><strong>La d\u00e9claration d\u2019ind\u00e9pendance<\/strong><\/p>\n<p style=\"font-weight: 400;\">Le 17 f\u00e9vrier 2008, \u00e0 15\u00a0:39, le parlement du Kosovo a d\u00e9clar\u00e9 le Kosovo ind\u00e9pendant. 109 sur 120 d\u00e9put\u00e9s ont particip\u00e9 \u00e0 la s\u00e9ance durant laquelle le parlement a unanimement d\u00e9clar\u00e9 le Kosovo ind\u00e9pendant, souverain et d\u00e9mocratique.<\/p>\n<p style=\"font-weight: 400;\">La d\u00e9claration d\u2019ind\u00e9pendance du 17 f\u00e9vrier 2008 constitue la conclusion d\u2019un parcours long et douloureux pour les citoyens du Kosovo. Pendant plusieurs ann\u00e9es, jusqu\u2019en juin 1999, le peuple a souffert de l\u2019\u00e9puration ethnique men\u00e9e par le r\u00e9gime serbe de Slobodan Milosevic. A la fin de la guerre et de l\u2019installation des troupes internationales au Kosovo, ce n\u2019est qu\u2019en 2005 que le processus de d\u00e9finition du statut a commenc\u00e9.<\/p>\n<p style=\"font-weight: 400;\">Depuis le 13 juin 1999 lorsque les forces serbes ont \u00e9t\u00e9 forc\u00e9es \u00e0 quitter le Kosovo, cette province a \u00e9t\u00e9 administr\u00e9e par la MINUK, Mission int\u00e9rimaire des Nations Unies au Kosovo et les institutions d\u00e9mocratiques du Kosovo\u00a0: le parlement, le pr\u00e9sident et le gouvernement.<\/p>\n<p style=\"font-weight: 400;\">M\u00eame si la Serbie n\u2019avait plus aucun contr\u00f4le sur le Kosovo, ce dernier est plusieurs fois mentionn\u00e9 dans la r\u00e9solution 1244 des Nations Unies comme un protectorat de l\u2019ONU faisant juridiquement partie de la R\u00e9publique F\u00e9d\u00e9rale de la Yougoslavie.<\/p>\n<p style=\"font-weight: 400;\">Le 2 f\u00e9vrier 2007, l\u2019envoy\u00e9 sp\u00e9cial pour le statut du Kosovo, Martti Ahtisaari, a soumis sa proposition, \u00e0 Prishtina et Belgrade, de l\u2019ind\u00e9pendance conditionn\u00e9e du Kosovo, qui a ensuite engendr\u00e9 la naissance du pays ind\u00e9pendant. Apr\u00e8s plusieurs sessions de n\u00e9gociations, le Kosovo a \u00e9t\u00e9 d\u00e9clar\u00e9 ind\u00e9pendant le 17 f\u00e9vrier 2008.<\/p>\n<p style=\"font-weight: 400;\">Le 22 juillet 2010, le Tribunal International de la Justice a confirm\u00e9 par son verdict consultatif que l\u2019ind\u00e9pendance du Kosovo n\u2019a enfreint aucun article de loi internationale.<\/p>\n<p style=\"font-weight: 400;\"><strong>Les pays de l\u2019Union Europ\u00e9enne<\/strong><\/p>\n<p style=\"font-weight: 400;\">Le 18 f\u00e9vrier 2008, la pr\u00e9sidence de l\u2019UE a fait comprendre que les pays membres \u00e9taient libres de d\u00e9cider individuellement quant \u00e0 la reconnaissance du Kosovo.<\/p>\n<p style=\"font-weight: 400;\">La plupart des pays de l\u2019UE ont reconnu le Kosovo mais Chypre, la Gr\u00e8ce, la Roumanie, la Slovaquie et l\u2019Espagne ne le reconnaissent toujours pas.<\/p>\n<p style=\"font-weight: 400;\">Peu avant la d\u00e9claration d\u2019ind\u00e9pendance du Kosovo, l\u2019Union Europ\u00e9enne a approuv\u00e9 le d\u00e9ploiement d\u2019une mission non-militaire de 2,000 membres, \u00ab\u00a0EULEX\u00a0\u00bb, dont l\u2019objectif principal serait l\u2019application de la loi au Kosovo. Les 27 membres, dont les plus r\u00e9ticents \u00e0 reconnaitre le Kosovo, ont approuv\u00e9 le mandat d\u2019EULEX. La Serbie consid\u00e8re ceci comme une occupation et qualifie les mesures de l\u2019UE comme ill\u00e9gales.<\/p>\n<p style=\"font-weight: 400;\"><strong>L\u2019Organisation des Nations Unies<\/strong><\/p>\n<p style=\"font-weight: 400;\">Suivant une requ\u00eate de la Russie, le Conseil de S\u00e9curit\u00e9 des Nations Unies a tenu une session en urgence, l\u2019apr\u00e8s-midi du 17 f\u00e9vrier 2008. Ban Ki-Moon, le secr\u00e9taire g\u00e9n\u00e9ral des Nations Unies, a publi\u00e9 un communiqu\u00e9 neutre dans lequel il a demand\u00e9 \u00ab\u00a0d\u2019\u00e9viter tout acte qui pourrait mettre en danger la paix, attiser la violence ou menacer la s\u00e9curit\u00e9 au Kosovo ou dans la r\u00e9gion\u00a0\u00bb. En parlant au nom des six pays, Belgique, Croatie, France, Allemagne, Italie et Etats-Unis, l\u2019ambassadeur belge aupr\u00e8s du Conseil de S\u00e9curit\u00e9 a exprim\u00e9 son regret\u00a0: \u00ab\u00a0Le Conseil de S\u00e9curit\u00e9 a \u00e9chou\u00e9 a se mettre d\u2019accord pour le chemin \u00e0 suivre. Ce blocus existe maintenant depuis plusieurs mois. Les \u00e9v\u00e9nements d\u2019aujourd\u2019hui repr\u00e9sentent la conclusion d\u2019un processus de statut dont les possibilit\u00e9s ont \u00e9t\u00e9 \u00e9puis\u00e9es durant les n\u00e9gociations.\u00a0\u00bb<\/p>\n","protected":false},"excerpt":{"rendered":"<p>Le 17 f\u00e9vrier 2008 marque la date la plus importante de l\u2019histoire des albanais du Kosovo, celle de la d\u00e9claration d\u2019ind\u00e9pendance<\/p>\n","protected":false},"author":4,"featured_media":250947,"parent":0,"menu_order":0,"comment_status":"closed","ping_status":"closed","template":"","meta":{"footnotes":""},"class_list":["post-446626","page","type-page","status-publish","has-post-thumbnail","hentry"],"acf":[],"_links":{"self":[{"href":"https:\/\/www.albinfo.ch\/fr\/wp-json\/wp\/v2\/pages\/446626","targetHints":{"allow":["GET"]}}],"collection":[{"href":"https:\/\/www.albinfo.ch\/fr\/wp-json\/wp\/v2\/pages"}],"about":[{"href":"https:\/\/www.albinfo.ch\/fr\/wp-json\/wp\/v2\/types\/page"}],"author":[{"embeddable":true,"href":"https:\/\/www.albinfo.ch\/fr\/wp-json\/wp\/v2\/users\/4"}],"replies":[{"embeddable":true,"href":"https:\/\/www.albinfo.ch\/fr\/wp-json\/wp\/v2\/comments?post=446626"}],"version-history":[{"count":0,"href":"https:\/\/www.albinfo.ch\/fr\/wp-json\/wp\/v2\/pages\/446626\/revisions"}],"wp:featuredmedia":[{"embeddable":true,"href":"https:\/\/www.albinfo.ch\/fr\/wp-json\/wp\/v2\/media\/250947"}],"wp:attachment":[{"href":"https:\/\/www.albinfo.ch\/fr\/wp-json\/wp\/v2\/media?parent=446626"}],"curies":[{"name":"wp","href":"https:\/\/api.w.org\/{rel}","templated":true}]}}